{"id":5719,"date":"2019-06-24T09:38:03","date_gmt":"2019-06-24T07:38:03","guid":{"rendered":"http:\/\/lovechamois.hextra.cloud\/attivita\/deguster\/"},"modified":"2022-06-01T16:54:28","modified_gmt":"2022-06-01T14:54:28","slug":"deguster","status":"publish","type":"attivita","link":"https:\/\/lovechamois.it\/fr\/attivita\/deguster\/","title":{"rendered":"D\u00e9guster"},"content":{"rendered":"<p>La cuisine vald\u00f4taine est robuste et g\u00e9n\u00e9reuse, comme l\u2019\u00e2me des gens qui ont grandi au c\u0153ur des Alpes, fortifi\u00e9e par le froid et la neige ! Apr\u00e8s un plat g\u00e9n\u00e9reux de polenta, avec laquelle il ne peut manquer la Fontina, accompagn\u00e9e d\u2019une abondante portion de civet, votre s\u00e9jour \u00e0 Chamois deviendra vraiment inoubliable. Les restaurants du village et du lac de Lod peuvent vous offrir quelques-unes des sp\u00e9cialit\u00e9s exquises de la vall\u00e9e. Un conseil : pour terminer votre repas en compagnie, sirotez le caf\u00e9 typique \u00e0 la vald\u00f4taine, servi dans la traditionnelle coupe de l\u2019amiti\u00e9.<\/p>\n","protected":false},"excerpt":{"rendered":"<p>La cuisine vald\u00f4taine est robuste et g\u00e9n\u00e9reuse, comme l\u2019\u00e2me &#8230;<\/p>\n","protected":false},"template":"","class_list":["post-5719","attivita","type-attivita","status-publish","hentry"],"_links":{"self":[{"href":"https:\/\/lovechamois.it\/fr\/wp-json\/wp\/v2\/attivita\/5719"}],"collection":[{"href":"https:\/\/lovechamois.it\/fr\/wp-json\/wp\/v2\/attivita"}],"about":[{"href":"https:\/\/lovechamois.it\/fr\/wp-json\/wp\/v2\/types\/attivita"}],"wp:attachment":[{"href":"https:\/\/lovechamois.it\/fr\/wp-json\/wp\/v2\/media?parent=5719"}],"curies":[{"name":"wp","href":"https:\/\/api.w.org\/{rel}","templated":true}]}}